{"version":"1.0","provider_name":"7culture","provider_url":"https:\/\/7culture.ci","author_name":"7culture2020","author_url":"https:\/\/7culture.ci\/index.php\/author\/7culture2020\/","title":"RTI\u00a0: Jean Martial Adou nomm\u00e9 Dg par int\u00e9rim - 7culture","type":"rich","width":600,"height":338,"html":"<blockquote class=\"wp-embedded-content\" data-secret=\"iR9NbGeFG8\"><a href=\"https:\/\/7culture.ci\/index.php\/2024\/07\/12\/rti-jean-martial-adou-nomme-dg-par-interim\/\">RTI\u00a0: Jean Martial Adou nomm\u00e9 Dg par int\u00e9rim<\/a><\/blockquote><iframe sandbox=\"allow-scripts\" security=\"restricted\" src=\"https:\/\/7culture.ci\/index.php\/2024\/07\/12\/rti-jean-martial-adou-nomme-dg-par-interim\/embed\/#?secret=iR9NbGeFG8\" width=\"600\" height=\"338\" title=\"\u00ab\u00a0RTI\u00a0: Jean Martial Adou nomm\u00e9 Dg par int\u00e9rim\u00a0\u00bb &#8212; 7culture\" data-secret=\"iR9NbGeFG8\" frameborder=\"0\" marginwidth=\"0\" marginheight=\"0\" scrolling=\"no\" class=\"wp-embedded-content\"><\/iframe><script>\n\/*! This file is auto-generated *\/\n!function(d,l){\"use strict\";l.querySelector&&d.addEventListener&&\"undefined\"!=typeof URL&&(d.wp=d.wp||{},d.wp.receiveEmbedMessage||(d.wp.receiveEmbedMessage=function(e){var t=e.data;if((t||t.secret||t.message||t.value)&&!\/[^a-zA-Z0-9]\/.test(t.secret)){for(var s,r,n,a=l.querySelectorAll('iframe[data-secret=\"'+t.secret+'\"]'),o=l.querySelectorAll('blockquote[data-secret=\"'+t.secret+'\"]'),c=new RegExp(\"^https?:$\",\"i\"),i=0;i<o.length;i++)o[i].style.display=\"none\";for(i=0;i<a.length;i++)s=a[i],e.source===s.contentWindow&&(s.removeAttribute(\"style\"),\"height\"===t.message?(1e3<(r=parseInt(t.value,10))?r=1e3:~~r<200&&(r=200),s.height=r):\"link\"===t.message&&(r=new URL(s.getAttribute(\"src\")),n=new URL(t.value),c.test(n.protocol))&&n.host===r.host&&l.activeElement===s&&(d.top.location.href=t.value))}},d.addEventListener(\"message\",d.wp.receiveEmbedMessage,!1),l.addEventListener(\"DOMContentLoaded\",function(){for(var e,t,s=l.querySelectorAll(\"iframe.wp-embedded-content\"),r=0;r<s.length;r++)(t=(e=s[r]).getAttribute(\"data-secret\"))||(t=Math.random().toString(36).substring(2,12),e.src+=\"#?secret=\"+t,e.setAttribute(\"data-secret\",t)),e.contentWindow.postMessage({message:\"ready\",secret:t},\"*\")},!1)))}(window,document);\n<\/script>\n","thumbnail_url":"http:\/\/7culture.ci\/wp-content\/uploads\/2024\/07\/adou3.jpg","thumbnail_width":768,"thumbnail_height":585,"description":"Jean Martial Adou, directeur de cabinet du minist\u00e8re de la Communication, va assurer l\u2019int\u00e9rim de Fauss\u00e9ni Demb\u00e9l\u00e9, limog\u00e9 \u00e0 la direction g\u00e9n\u00e9rale de la Radiodiffusion t\u00e9l\u00e9vision ivoirienne (RTI), le mercredi dernier en conseil des ministres. C\u2019est apr\u00e8s une r\u00e9union extraordinaire du Conseil d\u2019administration de la RTI, que le nouveau patron du m\u00e9dia d\u2019Etat a \u00e9t\u00e9 &hellip;  Lire la suite\u00a0\u00bb"}