{"version":"1.0","provider_name":"7culture","provider_url":"https:\/\/7culture.ci","author_name":"7culture2020","author_url":"https:\/\/7culture.ci\/index.php\/author\/7culture2020\/","title":"Disparition: Pel\u00e9 sera inhum\u00e9 le 3 janvier 2023 -","type":"rich","width":600,"height":338,"html":"<blockquote class=\"wp-embedded-content\" data-secret=\"lRTig7PhJh\"><a href=\"https:\/\/7culture.ci\/index.php\/2022\/12\/30\/disparition-pele-sera-inhume-le-3-janvier-2023\/\">Disparition: Pel\u00e9 sera inhum\u00e9 le 3 janvier 2023<\/a><\/blockquote><iframe sandbox=\"allow-scripts\" security=\"restricted\" src=\"https:\/\/7culture.ci\/index.php\/2022\/12\/30\/disparition-pele-sera-inhume-le-3-janvier-2023\/embed\/#?secret=lRTig7PhJh\" width=\"600\" height=\"338\" title=\"\u00ab\u00a0Disparition: Pel\u00e9 sera inhum\u00e9 le 3 janvier 2023\u00a0\u00bb &#8212; 7culture\" data-secret=\"lRTig7PhJh\" frameborder=\"0\" marginwidth=\"0\" marginheight=\"0\" scrolling=\"no\" class=\"wp-embedded-content\"><\/iframe><script>\n\/*! This file is auto-generated *\/\n!function(d,l){\"use strict\";l.querySelector&&d.addEventListener&&\"undefined\"!=typeof URL&&(d.wp=d.wp||{},d.wp.receiveEmbedMessage||(d.wp.receiveEmbedMessage=function(e){var t=e.data;if((t||t.secret||t.message||t.value)&&!\/[^a-zA-Z0-9]\/.test(t.secret)){for(var s,r,n,a=l.querySelectorAll('iframe[data-secret=\"'+t.secret+'\"]'),o=l.querySelectorAll('blockquote[data-secret=\"'+t.secret+'\"]'),c=new RegExp(\"^https?:$\",\"i\"),i=0;i<o.length;i++)o[i].style.display=\"none\";for(i=0;i<a.length;i++)s=a[i],e.source===s.contentWindow&&(s.removeAttribute(\"style\"),\"height\"===t.message?(1e3<(r=parseInt(t.value,10))?r=1e3:~~r<200&&(r=200),s.height=r):\"link\"===t.message&&(r=new URL(s.getAttribute(\"src\")),n=new URL(t.value),c.test(n.protocol))&&n.host===r.host&&l.activeElement===s&&(d.top.location.href=t.value))}},d.addEventListener(\"message\",d.wp.receiveEmbedMessage,!1),l.addEventListener(\"DOMContentLoaded\",function(){for(var e,t,s=l.querySelectorAll(\"iframe.wp-embedded-content\"),r=0;r<s.length;r++)(t=(e=s[r]).getAttribute(\"data-secret\"))||(t=Math.random().toString(36).substring(2,12),e.src+=\"#?secret=\"+t,e.setAttribute(\"data-secret\",t)),e.contentWindow.postMessage({message:\"ready\",secret:t},\"*\")},!1)))}(window,document);\n<\/script>\n","thumbnail_url":"http:\/\/7culture.ci\/wp-content\/uploads\/2022\/12\/edson-1.jpg","thumbnail_width":664,"thumbnail_height":433,"description":"Le Roi Pel\u00e9 disparu le jeudi 29 d\u00e9cembre 2022, sera bient\u00f4t port\u00e9 en terre. Le programme de ses obs\u00e8ques est d\u00e9j\u00e0 fix\u00e9. Tout un pays s\u2019appr\u00eate \u00e0 faire ses adieux \u00e0 la l\u00e9gende. D\u00e9c\u00e9d\u00e9 ce jeudi \u00e0 l\u2019\u00e2ge de 82 ans apr\u00e8s s\u2019\u00eatre longtemps battu contre un cancer, le Roi Pel\u00e9 va \u00eatre enterr\u00e9 mardi &hellip;  Lire la suite\u00a0\u00bb"}