{"version":"1.0","provider_name":"7culture","provider_url":"https:\/\/7culture.ci","author_name":"7culture2020","author_url":"https:\/\/7culture.ci\/index.php\/author\/7culture2020\/","title":"Deuil: l'artiste ivoirien Am\u00e9rikin est d\u00e9c\u00e9d\u00e9! - 7culture","type":"rich","width":600,"height":338,"html":"<blockquote class=\"wp-embedded-content\" data-secret=\"OdaM6RezPs\"><a href=\"https:\/\/7culture.ci\/index.php\/2022\/12\/27\/deuil-lartiste-ivoirien-amerikin-est-decede\/\">Deuil: l&#8217;artiste ivoirien Am\u00e9rikin est d\u00e9c\u00e9d\u00e9!<\/a><\/blockquote><iframe sandbox=\"allow-scripts\" security=\"restricted\" src=\"https:\/\/7culture.ci\/index.php\/2022\/12\/27\/deuil-lartiste-ivoirien-amerikin-est-decede\/embed\/#?secret=OdaM6RezPs\" width=\"600\" height=\"338\" title=\"\u00ab\u00a0Deuil: l&#8217;artiste ivoirien Am\u00e9rikin est d\u00e9c\u00e9d\u00e9!\u00a0\u00bb &#8212; 7culture\" data-secret=\"OdaM6RezPs\" frameborder=\"0\" marginwidth=\"0\" marginheight=\"0\" scrolling=\"no\" class=\"wp-embedded-content\"><\/iframe><script>\n\/*! This file is auto-generated *\/\n!function(d,l){\"use strict\";l.querySelector&&d.addEventListener&&\"undefined\"!=typeof URL&&(d.wp=d.wp||{},d.wp.receiveEmbedMessage||(d.wp.receiveEmbedMessage=function(e){var t=e.data;if((t||t.secret||t.message||t.value)&&!\/[^a-zA-Z0-9]\/.test(t.secret)){for(var s,r,n,a=l.querySelectorAll('iframe[data-secret=\"'+t.secret+'\"]'),o=l.querySelectorAll('blockquote[data-secret=\"'+t.secret+'\"]'),c=new RegExp(\"^https?:$\",\"i\"),i=0;i<o.length;i++)o[i].style.display=\"none\";for(i=0;i<a.length;i++)s=a[i],e.source===s.contentWindow&&(s.removeAttribute(\"style\"),\"height\"===t.message?(1e3<(r=parseInt(t.value,10))?r=1e3:~~r<200&&(r=200),s.height=r):\"link\"===t.message&&(r=new URL(s.getAttribute(\"src\")),n=new URL(t.value),c.test(n.protocol))&&n.host===r.host&&l.activeElement===s&&(d.top.location.href=t.value))}},d.addEventListener(\"message\",d.wp.receiveEmbedMessage,!1),l.addEventListener(\"DOMContentLoaded\",function(){for(var e,t,s=l.querySelectorAll(\"iframe.wp-embedded-content\"),r=0;r<s.length;r++)(t=(e=s[r]).getAttribute(\"data-secret\"))||(t=Math.random().toString(36).substring(2,12),e.src+=\"#?secret=\"+t,e.setAttribute(\"data-secret\",t)),e.contentWindow.postMessage({message:\"ready\",secret:t},\"*\")},!1)))}(window,document);\n<\/script>\n","thumbnail_url":"http:\/\/7culture.ci\/wp-content\/uploads\/2022\/12\/amerikin5-1.jpg","thumbnail_width":498,"thumbnail_height":400,"description":"Une triste nouvelle vient de g\u00e2cher l\u2019apr\u00e8s-midi de nombreux Ivoiriens et surtout des fans du chanteur Am\u00e9rikin. Le plus fondamental des artistes ivoiriens est d\u00e9c\u00e9d\u00e9 ce mardi 27 d\u00e9cembre des suites d\u2019un AVC au CHU de Cocody \u00e0 Abidjan. C\u2019est l\u2019info sombre qui a vite fait le tour de la toile. \u00ab&nbsp;Le Syndicat National des &hellip;  Lire la suite\u00a0\u00bb"}