{"version":"1.0","provider_name":"7culture","provider_url":"https:\/\/7culture.ci","author_name":"7culture2020","author_url":"https:\/\/7culture.ci\/index.php\/author\/7culture2020\/","title":"Le centre int\u00e9gr\u00e9 de Bondoukou fait peau neuve\u00a0! \u00a0 -","type":"rich","width":600,"height":338,"html":"<blockquote class=\"wp-embedded-content\" data-secret=\"ns3EU1YVvd\"><a href=\"https:\/\/7culture.ci\/index.php\/2022\/09\/30\/le-centre-integre-de-bondoukou-fait-peau-neuve\/\">Le centre int\u00e9gr\u00e9 de Bondoukou fait peau neuve\u00a0! \u00a0<\/a><\/blockquote><iframe sandbox=\"allow-scripts\" security=\"restricted\" src=\"https:\/\/7culture.ci\/index.php\/2022\/09\/30\/le-centre-integre-de-bondoukou-fait-peau-neuve\/embed\/#?secret=ns3EU1YVvd\" width=\"600\" height=\"338\" title=\"\u00ab\u00a0Le centre int\u00e9gr\u00e9 de Bondoukou fait peau neuve\u00a0! \u00a0\u00a0\u00bb &#8212; 7culture\" data-secret=\"ns3EU1YVvd\" frameborder=\"0\" marginwidth=\"0\" marginheight=\"0\" scrolling=\"no\" class=\"wp-embedded-content\"><\/iframe><script>\n\/*! This file is auto-generated *\/\n!function(d,l){\"use strict\";l.querySelector&&d.addEventListener&&\"undefined\"!=typeof URL&&(d.wp=d.wp||{},d.wp.receiveEmbedMessage||(d.wp.receiveEmbedMessage=function(e){var t=e.data;if((t||t.secret||t.message||t.value)&&!\/[^a-zA-Z0-9]\/.test(t.secret)){for(var s,r,n,a=l.querySelectorAll('iframe[data-secret=\"'+t.secret+'\"]'),o=l.querySelectorAll('blockquote[data-secret=\"'+t.secret+'\"]'),c=new RegExp(\"^https?:$\",\"i\"),i=0;i<o.length;i++)o[i].style.display=\"none\";for(i=0;i<a.length;i++)s=a[i],e.source===s.contentWindow&&(s.removeAttribute(\"style\"),\"height\"===t.message?(1e3<(r=parseInt(t.value,10))?r=1e3:~~r<200&&(r=200),s.height=r):\"link\"===t.message&&(r=new URL(s.getAttribute(\"src\")),n=new URL(t.value),c.test(n.protocol))&&n.host===r.host&&l.activeElement===s&&(d.top.location.href=t.value))}},d.addEventListener(\"message\",d.wp.receiveEmbedMessage,!1),l.addEventListener(\"DOMContentLoaded\",function(){for(var e,t,s=l.querySelectorAll(\"iframe.wp-embedded-content\"),r=0;r<s.length;r++)(t=(e=s[r]).getAttribute(\"data-secret\"))||(t=Math.random().toString(36).substring(2,12),e.src+=\"#?secret=\"+t,e.setAttribute(\"data-secret\",t)),e.contentWindow.postMessage({message:\"ready\",secret:t},\"*\")},!1)))}(window,document);\n<\/script>\n","thumbnail_url":"http:\/\/7culture.ci\/wp-content\/uploads\/2022\/09\/WhatsApp-Image-2022-09-30-at-14.49.19.jpeg","thumbnail_width":720,"thumbnail_height":480,"description":"Le centre int\u00e9gr\u00e9 de Bondoukou en r\u00e9novation compte \u0153uvrer \u00e0 la valorisation des richesses culturelles du district du Zanzan, \u00e0 travers la mise \u00e0 la disposition, lors de son ouverture officielle prochaine d\u2019une galerie et d\u2019une biblioth\u00e8que des arts et traditions. Selon l\u2019ancien gestionnaire du mus\u00e9e de Bondoukou, d\u00e9sormais centre int\u00e9gr\u00e9, B\u00e9ma Ouattara, cet \u00e9difice &hellip;  Lire la suite\u00a0\u00bb"}