{"version":"1.0","provider_name":"7culture","provider_url":"https:\/\/7culture.ci","author_name":"7culture2020","author_url":"https:\/\/7culture.ci\/index.php\/author\/7culture2020\/","title":"\u00c9v\u00e8nement\u00a0: Voici la Soir\u00e9e Sp\u00e9ciale des Travailleurs -","type":"rich","width":600,"height":338,"html":"<blockquote class=\"wp-embedded-content\" data-secret=\"gK53N0VzJr\"><a href=\"https:\/\/7culture.ci\/index.php\/2022\/03\/30\/evenement-voici-la-soiree-speciale-des-travailleurs\/\">\u00c9v\u00e8nement\u00a0: Voici la Soir\u00e9e Sp\u00e9ciale des Travailleurs<\/a><\/blockquote><iframe sandbox=\"allow-scripts\" security=\"restricted\" src=\"https:\/\/7culture.ci\/index.php\/2022\/03\/30\/evenement-voici-la-soiree-speciale-des-travailleurs\/embed\/#?secret=gK53N0VzJr\" width=\"600\" height=\"338\" title=\"\u00ab\u00a0\u00c9v\u00e8nement\u00a0: Voici la Soir\u00e9e Sp\u00e9ciale des Travailleurs\u00a0\u00bb &#8212; 7culture\" data-secret=\"gK53N0VzJr\" frameborder=\"0\" marginwidth=\"0\" marginheight=\"0\" scrolling=\"no\" class=\"wp-embedded-content\"><\/iframe><script>\n\/*! This file is auto-generated *\/\n!function(d,l){\"use strict\";l.querySelector&&d.addEventListener&&\"undefined\"!=typeof URL&&(d.wp=d.wp||{},d.wp.receiveEmbedMessage||(d.wp.receiveEmbedMessage=function(e){var t=e.data;if((t||t.secret||t.message||t.value)&&!\/[^a-zA-Z0-9]\/.test(t.secret)){for(var s,r,n,a=l.querySelectorAll('iframe[data-secret=\"'+t.secret+'\"]'),o=l.querySelectorAll('blockquote[data-secret=\"'+t.secret+'\"]'),c=new RegExp(\"^https?:$\",\"i\"),i=0;i<o.length;i++)o[i].style.display=\"none\";for(i=0;i<a.length;i++)s=a[i],e.source===s.contentWindow&&(s.removeAttribute(\"style\"),\"height\"===t.message?(1e3<(r=parseInt(t.value,10))?r=1e3:~~r<200&&(r=200),s.height=r):\"link\"===t.message&&(r=new URL(s.getAttribute(\"src\")),n=new URL(t.value),c.test(n.protocol))&&n.host===r.host&&l.activeElement===s&&(d.top.location.href=t.value))}},d.addEventListener(\"message\",d.wp.receiveEmbedMessage,!1),l.addEventListener(\"DOMContentLoaded\",function(){for(var e,t,s=l.querySelectorAll(\"iframe.wp-embedded-content\"),r=0;r<s.length;r++)(t=(e=s[r]).getAttribute(\"data-secret\"))||(t=Math.random().toString(36).substring(2,12),e.src+=\"#?secret=\"+t,e.setAttribute(\"data-secret\",t)),e.contentWindow.postMessage({message:\"ready\",secret:t},\"*\")},!1)))}(window,document);\n<\/script>\n","thumbnail_url":"http:\/\/7culture.ci\/wp-content\/uploads\/2022\/03\/WhatsApp-Image-2022-03-28-at-11.45.30.jpeg","thumbnail_width":1280,"thumbnail_height":922,"description":"Dans l\u2019agenda des \u00e9v\u00e8nements culturels en C\u00f4te d\u2019Ivoire, il faut ajouter la Soir\u00e9e Sp\u00e9ciale des Travailleurs (SST) dont la 1e \u00e9dition se tiendra du 30 avril au 1er mai 2022 \u00e0 l\u2019h\u00f4tel Palm Club d\u2019Abidjan-Cocody. Au cours d\u2019une conf\u00e9rence de presse anim\u00e9e le samedi 26 mars dernier dans un salon du r\u00e9ceptif h\u00f4telier, Paul Koffmann &hellip;  Lire la suite\u00a0\u00bb"}