{"version":"1.0","provider_name":"7culture","provider_url":"https:\/\/7culture.ci","author_name":"Waly Tani","author_url":"https:\/\/7culture.ci\/index.php\/author\/waly-tani\/","title":"EURO 2021: DESCHAMPS RAPPELLE BENZEMA - 7culture","type":"rich","width":600,"height":338,"html":"<blockquote class=\"wp-embedded-content\" data-secret=\"2xJOpw3c8U\"><a href=\"https:\/\/7culture.ci\/index.php\/2021\/05\/18\/euro-2021-deschamps-rappelle-benzema\/\">EURO 2021: DESCHAMPS RAPPELLE BENZEMA<\/a><\/blockquote><iframe sandbox=\"allow-scripts\" security=\"restricted\" src=\"https:\/\/7culture.ci\/index.php\/2021\/05\/18\/euro-2021-deschamps-rappelle-benzema\/embed\/#?secret=2xJOpw3c8U\" width=\"600\" height=\"338\" title=\"\u00ab\u00a0EURO 2021: DESCHAMPS RAPPELLE BENZEMA\u00a0\u00bb &#8212; 7culture\" data-secret=\"2xJOpw3c8U\" frameborder=\"0\" marginwidth=\"0\" marginheight=\"0\" scrolling=\"no\" class=\"wp-embedded-content\"><\/iframe><script>\n\/*! This file is auto-generated *\/\n!function(d,l){\"use strict\";l.querySelector&&d.addEventListener&&\"undefined\"!=typeof URL&&(d.wp=d.wp||{},d.wp.receiveEmbedMessage||(d.wp.receiveEmbedMessage=function(e){var t=e.data;if((t||t.secret||t.message||t.value)&&!\/[^a-zA-Z0-9]\/.test(t.secret)){for(var s,r,n,a=l.querySelectorAll('iframe[data-secret=\"'+t.secret+'\"]'),o=l.querySelectorAll('blockquote[data-secret=\"'+t.secret+'\"]'),c=new RegExp(\"^https?:$\",\"i\"),i=0;i<o.length;i++)o[i].style.display=\"none\";for(i=0;i<a.length;i++)s=a[i],e.source===s.contentWindow&&(s.removeAttribute(\"style\"),\"height\"===t.message?(1e3<(r=parseInt(t.value,10))?r=1e3:~~r<200&&(r=200),s.height=r):\"link\"===t.message&&(r=new URL(s.getAttribute(\"src\")),n=new URL(t.value),c.test(n.protocol))&&n.host===r.host&&l.activeElement===s&&(d.top.location.href=t.value))}},d.addEventListener(\"message\",d.wp.receiveEmbedMessage,!1),l.addEventListener(\"DOMContentLoaded\",function(){for(var e,t,s=l.querySelectorAll(\"iframe.wp-embedded-content\"),r=0;r<s.length;r++)(t=(e=s[r]).getAttribute(\"data-secret\"))||(t=Math.random().toString(36).substring(2,12),e.src+=\"#?secret=\"+t,e.setAttribute(\"data-secret\",t)),e.contentWindow.postMessage({message:\"ready\",secret:t},\"*\")},!1)))}(window,document);\n<\/script>\n","thumbnail_url":null,"thumbnail_width":null,"thumbnail_height":null,"description":"L\u2019attaquant du Real Madrid figure, contre toute attente, dans la liste des 26 Bleus annonc\u00e9e ce mardi par Didier Deschamps pour l\u2019Euro. Un retour surprise, dont l\u2019hypoth\u00e8se enflait depuis lundi. Cinq ans apr\u00e8s sa derni\u00e8re s\u00e9lection contre l\u2019Arm\u00e9nie en 2015, Karim Benzema fait partie des 26 joueurs convoqu\u00e9s pour l\u2019Euro 2021, a annonc\u00e9 Didier Deschamps, &hellip;  Lire la suite\u00a0\u00bb"}