{"version":"1.0","provider_name":"7culture","provider_url":"https:\/\/7culture.ci","author_name":"Waly Tani","author_url":"https:\/\/7culture.ci\/index.php\/author\/waly-tani\/","title":"FESTIVAL BOUAK\u00c9 OUFL\u00ca 2: LES NOUVELLES DATES CONNUES - 7culture","type":"rich","width":600,"height":338,"html":"<blockquote class=\"wp-embedded-content\" data-secret=\"c8hgKCCika\"><a href=\"https:\/\/7culture.ci\/index.php\/2021\/04\/19\/festival-bouake-oufle-2-les-nouvelles-dates-connues\/\">FESTIVAL BOUAK\u00c9 OUFL\u00ca 2: LES NOUVELLES DATES CONNUES<\/a><\/blockquote><iframe sandbox=\"allow-scripts\" security=\"restricted\" src=\"https:\/\/7culture.ci\/index.php\/2021\/04\/19\/festival-bouake-oufle-2-les-nouvelles-dates-connues\/embed\/#?secret=c8hgKCCika\" width=\"600\" height=\"338\" title=\"\u00ab\u00a0FESTIVAL BOUAK\u00c9 OUFL\u00ca 2: LES NOUVELLES DATES CONNUES\u00a0\u00bb &#8212; 7culture\" data-secret=\"c8hgKCCika\" frameborder=\"0\" marginwidth=\"0\" marginheight=\"0\" scrolling=\"no\" class=\"wp-embedded-content\"><\/iframe><script>\n\/*! This file is auto-generated *\/\n!function(d,l){\"use strict\";l.querySelector&&d.addEventListener&&\"undefined\"!=typeof URL&&(d.wp=d.wp||{},d.wp.receiveEmbedMessage||(d.wp.receiveEmbedMessage=function(e){var t=e.data;if((t||t.secret||t.message||t.value)&&!\/[^a-zA-Z0-9]\/.test(t.secret)){for(var s,r,n,a=l.querySelectorAll('iframe[data-secret=\"'+t.secret+'\"]'),o=l.querySelectorAll('blockquote[data-secret=\"'+t.secret+'\"]'),c=new RegExp(\"^https?:$\",\"i\"),i=0;i<o.length;i++)o[i].style.display=\"none\";for(i=0;i<a.length;i++)s=a[i],e.source===s.contentWindow&&(s.removeAttribute(\"style\"),\"height\"===t.message?(1e3<(r=parseInt(t.value,10))?r=1e3:~~r<200&&(r=200),s.height=r):\"link\"===t.message&&(r=new URL(s.getAttribute(\"src\")),n=new URL(t.value),c.test(n.protocol))&&n.host===r.host&&l.activeElement===s&&(d.top.location.href=t.value))}},d.addEventListener(\"message\",d.wp.receiveEmbedMessage,!1),l.addEventListener(\"DOMContentLoaded\",function(){for(var e,t,s=l.querySelectorAll(\"iframe.wp-embedded-content\"),r=0;r<s.length;r++)(t=(e=s[r]).getAttribute(\"data-secret\"))||(t=Math.random().toString(36).substring(2,12),e.src+=\"#?secret=\"+t,e.setAttribute(\"data-secret\",t)),e.contentWindow.postMessage({message:\"ready\",secret:t},\"*\")},!1)))}(window,document);\n<\/script>\n","thumbnail_url":null,"thumbnail_width":null,"thumbnail_height":null,"description":"Bouak\u00e9 s\u2019appr\u00eate \u00e0 vivre d\u2019agr\u00e9ables moments \u00e0 la 2e \u00e9dition du Festival Bouak\u00e9 Oufl\u00ea qui se tiendra les 14, 15 et 16 mai prochain sur le Boulevard du Carnaval. Plusieurs fois report\u00e9e, l\u2019\u00e9dition s\u2019ouvre \u00e0 d\u2019autres villes de la r\u00e9gion du Gb\u00eak\u00ea. Les nouvelles dates Festival Bouak\u00e9 Oufl\u00ea sont d\u00e9sormais connues. La 2e \u00e9dition du &hellip;  Lire la suite\u00a0\u00bb"}