{"version":"1.0","provider_name":"7culture","provider_url":"https:\/\/7culture.ci","author_name":"Waly Tani","author_url":"https:\/\/7culture.ci\/index.php\/author\/waly-tani\/","title":"RTI2 : REVOILA LA CARAVANE DU FRAN\u00c7AIS! - 7culture","type":"rich","width":600,"height":338,"html":"<blockquote class=\"wp-embedded-content\" data-secret=\"dBMCj2ddUO\"><a href=\"https:\/\/7culture.ci\/index.php\/2021\/02\/27\/rti2-revoila-la-caravane-du-francais\/\">RTI2 : REVOILA LA CARAVANE DU FRAN\u00c7AIS!<\/a><\/blockquote><iframe sandbox=\"allow-scripts\" security=\"restricted\" src=\"https:\/\/7culture.ci\/index.php\/2021\/02\/27\/rti2-revoila-la-caravane-du-francais\/embed\/#?secret=dBMCj2ddUO\" width=\"600\" height=\"338\" title=\"\u00ab\u00a0RTI2 : REVOILA LA CARAVANE DU FRAN\u00c7AIS!\u00a0\u00bb &#8212; 7culture\" data-secret=\"dBMCj2ddUO\" frameborder=\"0\" marginwidth=\"0\" marginheight=\"0\" scrolling=\"no\" class=\"wp-embedded-content\"><\/iframe><script>\n\/*! This file is auto-generated *\/\n!function(d,l){\"use strict\";l.querySelector&&d.addEventListener&&\"undefined\"!=typeof URL&&(d.wp=d.wp||{},d.wp.receiveEmbedMessage||(d.wp.receiveEmbedMessage=function(e){var t=e.data;if((t||t.secret||t.message||t.value)&&!\/[^a-zA-Z0-9]\/.test(t.secret)){for(var s,r,n,a=l.querySelectorAll('iframe[data-secret=\"'+t.secret+'\"]'),o=l.querySelectorAll('blockquote[data-secret=\"'+t.secret+'\"]'),c=new RegExp(\"^https?:$\",\"i\"),i=0;i<o.length;i++)o[i].style.display=\"none\";for(i=0;i<a.length;i++)s=a[i],e.source===s.contentWindow&&(s.removeAttribute(\"style\"),\"height\"===t.message?(1e3<(r=parseInt(t.value,10))?r=1e3:~~r<200&&(r=200),s.height=r):\"link\"===t.message&&(r=new URL(s.getAttribute(\"src\")),n=new URL(t.value),c.test(n.protocol))&&n.host===r.host&&l.activeElement===s&&(d.top.location.href=t.value))}},d.addEventListener(\"message\",d.wp.receiveEmbedMessage,!1),l.addEventListener(\"DOMContentLoaded\",function(){for(var e,t,s=l.querySelectorAll(\"iframe.wp-embedded-content\"),r=0;r<s.length;r++)(t=(e=s[r]).getAttribute(\"data-secret\"))||(t=Math.random().toString(36).substring(2,12),e.src+=\"#?secret=\"+t,e.setAttribute(\"data-secret\",t)),e.contentWindow.postMessage({message:\"ready\",secret:t},\"*\")},!1)))}(window,document);\n<\/script>\n","thumbnail_url":null,"thumbnail_width":null,"thumbnail_height":null,"description":"Afin de relever le niveau d\u2019usage de la langue fran\u00e7aise chez les \u00e9l\u00e8ves et \u00e9tudiants de C\u00f4te d\u2019Ivoire, la 2\u00e8me chaine de la Radiot\u00e9l\u00e9diffusion T\u00e9l\u00e9vision ivoirienne (RTI2) diffusera prochainement l\u2019\u00e9mission \u2018\u2019La caravane du fran\u00e7ais\u2019\u2019. L\u2019enregistrement de ce jeu concours de questions-r\u00e9ponses a eu lieu du mercredi 17 f\u00e9vrier au vendredi 19 f\u00e9vrier 2021, au Club &hellip;  Lire la suite\u00a0\u00bb"}